{"id":11452,"date":"2024-05-28T16:23:22","date_gmt":"2024-05-28T14:23:22","guid":{"rendered":"http:\/\/lesforestiersassocies.fr\/?post_type=product&#038;p=11452"},"modified":"2024-06-04T16:26:57","modified_gmt":"2024-06-04T14:26:57","slug":"cartouche-resine-300-ml-hybride-ton-gris","status":"publish","type":"product","link":"https:\/\/lesforestiersassocies.fr\/index.php\/produit\/cartouche-resine-300-ml-hybride-ton-gris\/","title":{"rendered":"Cartouche r\u00e9sine 300 ml hybride ton gris"},"content":{"rendered":"<div class=\"column small-12 large-12 article_description_longue_2 article_accroche\">\n<ul>\n<li>Agr\u00e9\u00e9 pour b\u00e9ton fissur\u00e9, b\u00e9ton non fissur\u00e9 et la ma\u00e7onnerie<\/li>\n<li>Les cartouches entam\u00e9es peuvent \u00eatre r\u00e9utilis\u00e9es gr\u00e2ce au bec m\u00e9langeur qui peut \u00eatre remplac\u00e9<\/li>\n<li>Facile d\u2019utilisation gr\u00e2ce au pistolet d\u2019extrusion fischer<\/li>\n<\/ul>\n<p>La r\u00e9sine FIS HT II est une r\u00e9sine hybride sp\u00e9cialement con\u00e7ue pour les tiges filet\u00e9es et qui s\u2019adapte \u00e0 tous les supports. La FIS HT II est agr\u00e9\u00e9e pour le b\u00e9ton fissur\u00e9 et non fissur\u00e9, mais \u00e9galement la ma\u00e7onnerie.<\/p>\n<p>&nbsp;<\/p>\n<\/div>\n","protected":false},"excerpt":{"rendered":"<p>Agr\u00e9\u00e9 pour b\u00e9ton fissur\u00e9, b\u00e9ton non fissur\u00e9 et la ma\u00e7onnerie [&hellip;]<\/p>\n","protected":false},"featured_media":11453,"template":"","meta":[],"product_cat":[65],"product_tag":[],"acf":[],"yoast_head":"<!-- This site is optimized with the Yoast SEO plugin v21.9 - https:\/\/yoast.com\/wordpress\/plugins\/seo\/ -->\n<title>Cartouche r\u00e9sine 300 ml hybride ton gris - Les Forestiers Associ\u00e9s<\/title>\n<meta name=\"robots\" content=\"index, follow, max-snippet:-1, max-image-preview:large, max-video-preview:-1\" \/>\n<link rel=\"canonical\" href=\"https:\/\/lesforestiersassocies.fr\/index.php\/produit\/cartouche-resine-300-ml-hybride-ton-gris\/\" \/>\n<meta property=\"og:locale\" content=\"fr_FR\" \/>\n<meta property=\"og:type\" content=\"article\" \/>\n<meta property=\"og:title\" content=\"Cartouche r\u00e9sine 300 ml hybride ton gris - Les Forestiers Associ\u00e9s\" \/>\n<meta property=\"og:description\" content=\"Agr\u00e9\u00e9 pour b\u00e9ton fissur\u00e9, b\u00e9ton non fissur\u00e9 et la ma\u00e7onnerie [&hellip;]\" \/>\n<meta property=\"og:url\" content=\"https:\/\/lesforestiersassocies.fr\/index.php\/produit\/cartouche-resine-300-ml-hybride-ton-gris\/\" \/>\n<meta property=\"og:site_name\" content=\"Les Forestiers Associ\u00e9s\" \/>\n<meta property=\"article:modified_time\" content=\"2024-06-04T14:26:57+00:00\" \/>\n<meta property=\"og:image\" content=\"https:\/\/lesforestiersassocies.fr\/wp-content\/uploads\/2024\/05\/cartouche-hybride-tige-gris.png\" \/>\n\t<meta property=\"og:image:width\" content=\"453\" \/>\n\t<meta property=\"og:image:height\" content=\"500\" \/>\n\t<meta property=\"og:image:type\" content=\"image\/png\" \/>\n<meta name=\"twitter:card\" content=\"summary_large_image\" \/>\n<meta name=\"twitter:label1\" content=\"Dur\u00e9e de lecture estim\u00e9e\" \/>\n\t<meta name=\"twitter:data1\" content=\"1 minute\" \/>\n<script type=\"application\/ld+json\" class=\"yoast-schema-graph\">{\"@context\":\"https:\/\/schema.org\",\"@graph\":[{\"@type\":\"WebPage\",\"@id\":\"https:\/\/lesforestiersassocies.fr\/index.php\/produit\/cartouche-resine-300-ml-hybride-ton-gris\/\",\"url\":\"https:\/\/lesforestiersassocies.fr\/index.php\/produit\/cartouche-resine-300-ml-hybride-ton-gris\/\",\"name\":\"Cartouche r\u00e9sine 300 ml hybride ton gris - Les Forestiers Associ\u00e9s\",\"isPartOf\":{\"@id\":\"https:\/\/lesforestiersassocies.fr\/#website\"},\"datePublished\":\"2024-05-28T14:23:22+00:00\",\"dateModified\":\"2024-06-04T14:26:57+00:00\",\"breadcrumb\":{\"@id\":\"https:\/\/lesforestiersassocies.fr\/index.php\/produit\/cartouche-resine-300-ml-hybride-ton-gris\/#breadcrumb\"},\"inLanguage\":\"fr-FR\",\"potentialAction\":[{\"@type\":\"ReadAction\",\"target\":[\"https:\/\/lesforestiersassocies.fr\/index.php\/produit\/cartouche-resine-300-ml-hybride-ton-gris\/\"]}]},{\"@type\":\"BreadcrumbList\",\"@id\":\"https:\/\/lesforestiersassocies.fr\/index.php\/produit\/cartouche-resine-300-ml-hybride-ton-gris\/#breadcrumb\",\"itemListElement\":[{\"@type\":\"ListItem\",\"position\":1,\"name\":\"Accueil\",\"item\":\"https:\/\/lesforestiersassocies.fr\/\"},{\"@type\":\"ListItem\",\"position\":2,\"name\":\"Inventory\",\"item\":\"https:\/\/lesforestiersassocies.fr\/index.php\/inventory\/\"},{\"@type\":\"ListItem\",\"position\":3,\"name\":\"Cartouche r\u00e9sine 300 ml hybride ton gris\"}]},{\"@type\":\"WebSite\",\"@id\":\"https:\/\/lesforestiersassocies.fr\/#website\",\"url\":\"https:\/\/lesforestiersassocies.fr\/\",\"name\":\"Les Forestiers Associ\u00e9s\",\"description\":\"Les Forestiers Associ\u00e9s\",\"publisher\":{\"@id\":\"https:\/\/lesforestiersassocies.fr\/#organization\"},\"potentialAction\":[{\"@type\":\"SearchAction\",\"target\":{\"@type\":\"EntryPoint\",\"urlTemplate\":\"https:\/\/lesforestiersassocies.fr\/?s={search_term_string}\"},\"query-input\":\"required name=search_term_string\"}],\"inLanguage\":\"fr-FR\"},{\"@type\":\"Organization\",\"@id\":\"https:\/\/lesforestiersassocies.fr\/#organization\",\"name\":\"Les Forestiers Associ\u00e9s\",\"url\":\"https:\/\/lesforestiersassocies.fr\/\",\"logo\":{\"@type\":\"ImageObject\",\"inLanguage\":\"fr-FR\",\"@id\":\"https:\/\/lesforestiersassocies.fr\/#\/schema\/logo\/image\/\",\"url\":\"http:\/\/lesforestiersassocies.fr\/wp-content\/uploads\/2019\/01\/LFA-Logo.jpg\",\"contentUrl\":\"http:\/\/lesforestiersassocies.fr\/wp-content\/uploads\/2019\/01\/LFA-Logo.jpg\",\"width\":905,\"height\":314,\"caption\":\"Les Forestiers Associ\u00e9s\"},\"image\":{\"@id\":\"https:\/\/lesforestiersassocies.fr\/#\/schema\/logo\/image\/\"}}]}<\/script>\n<!-- \/ Yoast SEO plugin. -->","yoast_head_json":{"title":"Cartouche r\u00e9sine 300 ml hybride ton gris - Les Forestiers Associ\u00e9s","robots":{"index":"index","follow":"follow","max-snippet":"max-snippet:-1","max-image-preview":"max-image-preview:large","max-video-preview":"max-video-preview:-1"},"canonical":"https:\/\/lesforestiersassocies.fr\/index.php\/produit\/cartouche-resine-300-ml-hybride-ton-gris\/","og_locale":"fr_FR","og_type":"article","og_title":"Cartouche r\u00e9sine 300 ml hybride ton gris - Les Forestiers Associ\u00e9s","og_description":"Agr\u00e9\u00e9 pour b\u00e9ton fissur\u00e9, b\u00e9ton non fissur\u00e9 et la ma\u00e7onnerie [&hellip;]","og_url":"https:\/\/lesforestiersassocies.fr\/index.php\/produit\/cartouche-resine-300-ml-hybride-ton-gris\/","og_site_name":"Les Forestiers Associ\u00e9s","article_modified_time":"2024-06-04T14:26:57+00:00","og_image":[{"width":453,"height":500,"url":"https:\/\/lesforestiersassocies.fr\/wp-content\/uploads\/2024\/05\/cartouche-hybride-tige-gris.png","type":"image\/png"}],"twitter_card":"summary_large_image","twitter_misc":{"Dur\u00e9e de lecture estim\u00e9e":"1 minute"},"schema":{"@context":"https:\/\/schema.org","@graph":[{"@type":"WebPage","@id":"https:\/\/lesforestiersassocies.fr\/index.php\/produit\/cartouche-resine-300-ml-hybride-ton-gris\/","url":"https:\/\/lesforestiersassocies.fr\/index.php\/produit\/cartouche-resine-300-ml-hybride-ton-gris\/","name":"Cartouche r\u00e9sine 300 ml hybride ton gris - Les Forestiers Associ\u00e9s","isPartOf":{"@id":"https:\/\/lesforestiersassocies.fr\/#website"},"datePublished":"2024-05-28T14:23:22+00:00","dateModified":"2024-06-04T14:26:57+00:00","breadcrumb":{"@id":"https:\/\/lesforestiersassocies.fr\/index.php\/produit\/cartouche-resine-300-ml-hybride-ton-gris\/#breadcrumb"},"inLanguage":"fr-FR","potentialAction":[{"@type":"ReadAction","target":["https:\/\/lesforestiersassocies.fr\/index.php\/produit\/cartouche-resine-300-ml-hybride-ton-gris\/"]}]},{"@type":"BreadcrumbList","@id":"https:\/\/lesforestiersassocies.fr\/index.php\/produit\/cartouche-resine-300-ml-hybride-ton-gris\/#breadcrumb","itemListElement":[{"@type":"ListItem","position":1,"name":"Accueil","item":"https:\/\/lesforestiersassocies.fr\/"},{"@type":"ListItem","position":2,"name":"Inventory","item":"https:\/\/lesforestiersassocies.fr\/index.php\/inventory\/"},{"@type":"ListItem","position":3,"name":"Cartouche r\u00e9sine 300 ml hybride ton gris"}]},{"@type":"WebSite","@id":"https:\/\/lesforestiersassocies.fr\/#website","url":"https:\/\/lesforestiersassocies.fr\/","name":"Les Forestiers Associ\u00e9s","description":"Les Forestiers Associ\u00e9s","publisher":{"@id":"https:\/\/lesforestiersassocies.fr\/#organization"},"potentialAction":[{"@type":"SearchAction","target":{"@type":"EntryPoint","urlTemplate":"https:\/\/lesforestiersassocies.fr\/?s={search_term_string}"},"query-input":"required name=search_term_string"}],"inLanguage":"fr-FR"},{"@type":"Organization","@id":"https:\/\/lesforestiersassocies.fr\/#organization","name":"Les Forestiers Associ\u00e9s","url":"https:\/\/lesforestiersassocies.fr\/","logo":{"@type":"ImageObject","inLanguage":"fr-FR","@id":"https:\/\/lesforestiersassocies.fr\/#\/schema\/logo\/image\/","url":"http:\/\/lesforestiersassocies.fr\/wp-content\/uploads\/2019\/01\/LFA-Logo.jpg","contentUrl":"http:\/\/lesforestiersassocies.fr\/wp-content\/uploads\/2019\/01\/LFA-Logo.jpg","width":905,"height":314,"caption":"Les Forestiers Associ\u00e9s"},"image":{"@id":"https:\/\/lesforestiersassocies.fr\/#\/schema\/logo\/image\/"}}]}},"_links":{"self":[{"href":"https:\/\/lesforestiersassocies.fr\/index.php\/wp-json\/wp\/v2\/product\/11452"}],"collection":[{"href":"https:\/\/lesforestiersassocies.fr\/index.php\/wp-json\/wp\/v2\/product"}],"about":[{"href":"https:\/\/lesforestiersassocies.fr\/index.php\/wp-json\/wp\/v2\/types\/product"}],"wp:featuredmedia":[{"embeddable":true,"href":"https:\/\/lesforestiersassocies.fr\/index.php\/wp-json\/wp\/v2\/media\/11453"}],"wp:attachment":[{"href":"https:\/\/lesforestiersassocies.fr\/index.php\/wp-json\/wp\/v2\/media?parent=11452"}],"wp:term":[{"taxonomy":"product_cat","embeddable":true,"href":"https:\/\/lesforestiersassocies.fr\/index.php\/wp-json\/wp\/v2\/product_cat?post=11452"},{"taxonomy":"product_tag","embeddable":true,"href":"https:\/\/lesforestiersassocies.fr\/index.php\/wp-json\/wp\/v2\/product_tag?post=11452"}],"curies":[{"name":"wp","href":"https:\/\/api.w.org\/{rel}","templated":true}]}}